{"version":"1.0","provider_name":"Flamenco Madrid","provider_url":"https:\/\/flamencomadrid.com\/es","author_name":"Pirunator","author_url":"https:\/\/flamencomadrid.com\/es\/author\/pirunator\/","title":"M\u00e1ster de Formaci\u00f3n Permanente en Flamenco - Flamenco Madrid","type":"rich","width":600,"height":338,"html":"<blockquote class=\"wp-embedded-content\" data-secret=\"DrJ1NkkmKY\"><a href=\"https:\/\/flamencomadrid.com\/es\/master-de-formacion-permanente-en-flamenco\/\">M\u00e1ster de Formaci\u00f3n Permanente en Flamenco<\/a><\/blockquote><iframe sandbox=\"allow-scripts\" security=\"restricted\" src=\"https:\/\/flamencomadrid.com\/es\/master-de-formacion-permanente-en-flamenco\/embed\/#?secret=DrJ1NkkmKY\" width=\"600\" height=\"338\" title=\"\u00abM\u00e1ster de Formaci\u00f3n Permanente en Flamenco\u00bb \u2014 Flamenco Madrid\" data-secret=\"DrJ1NkkmKY\" frameborder=\"0\" marginwidth=\"0\" marginheight=\"0\" scrolling=\"no\" class=\"wp-embedded-content\"><\/iframe><script type=\"text\/javascript\">\n\/* <![CDATA[ *\/\n\/*! This file is auto-generated *\/\n!function(d,l){\"use strict\";l.querySelector&&d.addEventListener&&\"undefined\"!=typeof URL&&(d.wp=d.wp||{},d.wp.receiveEmbedMessage||(d.wp.receiveEmbedMessage=function(e){var t=e.data;if((t||t.secret||t.message||t.value)&&!\/[^a-zA-Z0-9]\/.test(t.secret)){for(var s,r,n,a=l.querySelectorAll('iframe[data-secret=\"'+t.secret+'\"]'),o=l.querySelectorAll('blockquote[data-secret=\"'+t.secret+'\"]'),c=new RegExp(\"^https?:$\",\"i\"),i=0;i<o.length;i++)o[i].style.display=\"none\";for(i=0;i<a.length;i++)s=a[i],e.source===s.contentWindow&&(s.removeAttribute(\"style\"),\"height\"===t.message?(1e3<(r=parseInt(t.value,10))?r=1e3:~~r<200&&(r=200),s.height=r):\"link\"===t.message&&(r=new URL(s.getAttribute(\"src\")),n=new URL(t.value),c.test(n.protocol))&&n.host===r.host&&l.activeElement===s&&(d.top.location.href=t.value))}},d.addEventListener(\"message\",d.wp.receiveEmbedMessage,!1),l.addEventListener(\"DOMContentLoaded\",function(){for(var e,t,s=l.querySelectorAll(\"iframe.wp-embedded-content\"),r=0;r<s.length;r++)(t=(e=s[r]).getAttribute(\"data-secret\"))||(t=Math.random().toString(36).substring(2,12),e.src+=\"#?secret=\"+t,e.setAttribute(\"data-secret\",t)),e.contentWindow.postMessage({message:\"ready\",secret:t},\"*\")},!1)))}(window,document);\n\/\/# sourceURL=https:\/\/flamencomadrid.com\/wp-includes\/js\/wp-embed.min.js\n\/* ]]> *\/\n<\/script>\n","thumbnail_url":"https:\/\/flamencomadrid.com\/wp-content\/uploads\/2023\/07\/cartel-logos-autorizados-ok-copia_page-0001.jpeg","thumbnail_width":850,"thumbnail_height":772,"description":"Abre el M\u00e1ster de Formaci\u00f3n Permanente en Flamenco en la Universidad Complutense de Madrid. El M\u00e1ster Propio en Flamenco es un programa educativo dise\u00f1ado para cumplir con los est\u00e1ndares del Espacio Europeo de Educaci\u00f3n Superior, otorgando 60 cr\u00e9ditos de formaci\u00f3n reconocidos. Este programa se enfoca tanto en la teor\u00eda como en la interpretaci\u00f3n del flamenco,..."}